{"id":35,"date":"2023-07-25T13:06:38","date_gmt":"2023-07-25T11:06:38","guid":{"rendered":"https:\/\/www.ny.ljustero.se\/2023\/?page_id=35"},"modified":"2023-12-31T14:00:54","modified_gmt":"2023-12-31T13:00:54","slug":"museer","status":"publish","type":"page","link":"https:\/\/www.ny.ljustero.se\/2023\/museer\/","title":{"rendered":"Museer"},"content":{"rendered":"\n<p><strong>\u2013&nbsp;<\/strong><em>Hembygdsmuseet&nbsp;<\/em>ligger i Mellansj\u00f6 som visar hur man bodde, handlade, fiskade och mycket mer f\u00f6r 100 tals \u00e5r sen.<br><strong>\u2013&nbsp;<\/strong><em>Bj\u00f6rklidens museum<\/em>&nbsp;\u00e4r \u00f6ppen n\u00e5gra veckor varje sommar som visar bla telefonv\u00e4xlar och annat fr\u00e5n f\u00f6rr.<br><strong>\u2013&nbsp;<\/strong><em>V\u00e4sterg\u00e5rden&nbsp;<\/em>\u00e4r en gammal bondg\u00e5rd som ordnar olika aktiviteter \u00e5ret runt.<\/p>\n\n\n\n<div id=\"pfg-gallery-218\" class=\"pfg-gallery-wrapper pfg-loading pfg-template-modern-cards\" data-gallery-id=\"218\" data-multi-select=\"false\" data-filter-logic=\"or\" data-filter-hierarchy=\"[]\" data-url-param=\"filter\" data-version=\"2.1.5\" data-lightbox-title=\"true\" data-lightbox-description=\"false\" data-show-preloader=\"true\" data-image-links=\"false\"><div class=\"pfg-preloader\"><div class=\"pfg-preloader-spinner\"><\/div><span class=\"pfg-preloader-text\">Loading...<\/span><\/div><div class=\"pfg-grid pfg-grid--large\" style=\"--pfg-gap: 20px; --pfg-border-radius: 0px; --pfg-radius: 0px; --pfg-overlay-color: rgba(0, 0, 0, 0.7); --pfg-primary-color: #94a3b8; --pfg-caption-text: #1e293b; --pfg-caption-bg: #ffffff\"><div class=\"pfg-item  pfg-item-hover--hvr-grow-shadow\" data-id=\"221\"><span class=\"pfg-item-type-icon pfg-item-type-icon--link\" title=\"External Link\"><svg xmlns=\"http:\/\/www.w3.org\/2000\/svg\" viewBox=\"0 0 24 24\" fill=\"currentColor\" width=\"14\" height=\"14\"><path d=\"M19 19H5V5h7V3H5c-1.11 0-2 .9-2 2v14c0 1.1.89 2 2 2h14c1.1 0 2-.9 2-2v-7h-2v7zM14 3v2h3.59l-9.83 9.83 1.41 1.41L19 6.41V10h2V3h-7z\"\/><\/svg><\/span><a href=\"https:\/\/www.ljusterohembygd.se\/\" class=\"pfg-item-link\" target=\"_blank\" rel=\"noopener\"><img src=\"https:\/\/www.ny.ljustero.se\/2023\/wp-content\/uploads\/2023\/12\/hembydsmuseet.jpg\" srcset=\"https:\/\/www.ny.ljustero.se\/2023\/wp-content\/uploads\/2023\/12\/hembydsmuseet.jpg 500w, https:\/\/www.ny.ljustero.se\/2023\/wp-content\/uploads\/2023\/12\/hembydsmuseet-300x190.jpg 300w\" sizes=\"(min-width: 1200px) 50vw, (min-width: 992px) 100vw, (min-width: 768px) 33vw, 100vw\" alt=\"Ljuster\u00f6 Hembygdsmuseum\" loading=\"eager\" decoding=\"async\" class=\"pfg-item-image\"><div class=\"pfg-item-caption pfg-item-caption--overlay\"><h3 class=\"pfg-item-title\">Ljuster\u00f6 Hembygdsmuseum<\/h3><\/div><\/a><\/div><div class=\"pfg-item  pfg-item-hover--hvr-grow-shadow\" data-id=\"220\"><span class=\"pfg-item-type-icon pfg-item-type-icon--link\" title=\"External Link\"><svg xmlns=\"http:\/\/www.w3.org\/2000\/svg\" viewBox=\"0 0 24 24\" fill=\"currentColor\" width=\"14\" height=\"14\"><path d=\"M19 19H5V5h7V3H5c-1.11 0-2 .9-2 2v14c0 1.1.89 2 2 2h14c1.1 0 2-.9 2-2v-7h-2v7zM14 3v2h3.59l-9.83 9.83 1.41 1.41L19 6.41V10h2V3h-7z\"\/><\/svg><\/span><a href=\"https:\/\/www.bjorklidensgardsmuseum.se\/\" class=\"pfg-item-link\" target=\"_blank\" rel=\"noopener\"><img src=\"https:\/\/www.ny.ljustero.se\/2023\/wp-content\/uploads\/2023\/12\/bjorkliden.jpg\" srcset=\"https:\/\/www.ny.ljustero.se\/2023\/wp-content\/uploads\/2023\/12\/bjorkliden.jpg 500w, https:\/\/www.ny.ljustero.se\/2023\/wp-content\/uploads\/2023\/12\/bjorkliden-300x169.jpg 300w\" sizes=\"(min-width: 1200px) 50vw, (min-width: 992px) 100vw, (min-width: 768px) 33vw, 100vw\" alt=\"Bj\u00f6rklidens museum\" loading=\"eager\" decoding=\"async\" class=\"pfg-item-image\"><div class=\"pfg-item-caption pfg-item-caption--overlay\"><h3 class=\"pfg-item-title\">Bj\u00f6rklidens museum<\/h3><\/div><\/a><\/div><\/div><\/div>\n","protected":false},"excerpt":{"rendered":"<p>\u2013&nbsp;Hembygdsmuseet&nbsp;ligger i Mellansj\u00f6 som visar hur man bodde, handlade, fiskade och mycket mer f\u00f6r 100 tals \u00e5r sen.\u2013&nbsp;Bj\u00f6rklidens museum&nbsp;\u00e4r \u00f6ppen n\u00e5gra veckor varje sommar som visar bla telefonv\u00e4xlar och annat fr\u00e5n f\u00f6rr.\u2013&nbsp;V\u00e4sterg\u00e5rden&nbsp;\u00e4r en gammal bondg\u00e5rd som ordnar olika aktiviteter \u00e5ret &hellip; <\/p>\n<p class=\"link-more\"><a href=\"https:\/\/www.ny.ljustero.se\/2023\/museer\/\" class=\"more-link\">Continue reading<span class=\"screen-reader-text\"> &#8221;Museer&#8221;<\/span><\/a><\/p>\n","protected":false},"author":1,"featured_media":0,"parent":0,"menu_order":0,"comment_status":"closed","ping_status":"closed","template":"","meta":{"footnotes":""},"class_list":["post-35","page","type-page","status-publish","hentry"],"_links":{"self":[{"href":"https:\/\/www.ny.ljustero.se\/2023\/wp-json\/wp\/v2\/pages\/35","targetHints":{"allow":["GET"]}}],"collection":[{"href":"https:\/\/www.ny.ljustero.se\/2023\/wp-json\/wp\/v2\/pages"}],"about":[{"href":"https:\/\/www.ny.ljustero.se\/2023\/wp-json\/wp\/v2\/types\/page"}],"author":[{"embeddable":true,"href":"https:\/\/www.ny.ljustero.se\/2023\/wp-json\/wp\/v2\/users\/1"}],"replies":[{"embeddable":true,"href":"https:\/\/www.ny.ljustero.se\/2023\/wp-json\/wp\/v2\/comments?post=35"}],"version-history":[{"count":3,"href":"https:\/\/www.ny.ljustero.se\/2023\/wp-json\/wp\/v2\/pages\/35\/revisions"}],"predecessor-version":[{"id":219,"href":"https:\/\/www.ny.ljustero.se\/2023\/wp-json\/wp\/v2\/pages\/35\/revisions\/219"}],"wp:attachment":[{"href":"https:\/\/www.ny.ljustero.se\/2023\/wp-json\/wp\/v2\/media?parent=35"}],"curies":[{"name":"wp","href":"https:\/\/api.w.org\/{rel}","templated":true}]}}